{"id":63,"date":"2025-11-05T17:26:14","date_gmt":"2025-11-05T17:26:14","guid":{"rendered":"https:\/\/www.temperatur.nu\/butik\/?post_type=product&#038;p=63"},"modified":"2026-03-26T17:51:44","modified_gmt":"2026-03-26T17:51:44","slug":"temperatur-nu-reporter-v2","status":"publish","type":"product","link":"https:\/\/www.temperatur.nu\/butik\/product\/temperatur-nu-reporter-v2\/","title":{"rendered":"Temperatur.nu Reporter v2"},"content":{"rendered":"<h2 class=\"wp-block-heading\">Vad \u00e4r temperatur.nu reporter?<\/h2>\n<p>Med temperatur.nu reporter kan du enkelt rapportera temperaturen d\u00e4r du bor till temperatur.nu. (<a href=\"https:\/\/www.temperatur.nu\/info\/rapportera-till-temperatur-nu\/\">H\u00e4r kan du l\u00e4sa om andra s\u00e4tt att rapportera<\/a>)<\/p>\n<p>Reportern har 2 st tr\u00e5dbundna temperatursensorer med tunn kabel s\u00e5 du enkelt kan dra ut sensorerna genom ett f\u00f6nster. Anledningen till att det \u00e4r tv\u00e5 sensorer \u00e4r f\u00f6r att du om m\u00f6jligt ska kunna m\u00e4ta temperaturen i tv\u00e5 v\u00e4derstreck. Vill du skydda sensorerna ytterligare, eller om du endast kan anv\u00e4nda en sensor kan du\u00a0<a href=\"https:\/\/www.temperatur.nu\/info\/kop-en-stevenson-screen-till-din-temperatursensor\/\">k\u00f6pa till Stevenson screens<\/a>\u00a0till din\/dina sensorer.<\/p>\n<p>Reportern har \u00e4ven en liten display d\u00e4r du kan se aktuell uppm\u00e4tt temperatur.<\/p>\n<p>Reportern ansluts till ditt WiFi-n\u00e4tverk (2,4 GHz).<\/p>\n<p>Om du hellre vill bygga en reporter sj\u00e4lv har vi publicerat en guide f\u00f6r hur du g\u00e5r till v\u00e4ga h\u00e4r:\u00a0<a href=\"https:\/\/www.temperatur.nu\/info\/temperatur-nu-reporter-bygg-en-du-med\">https:\/\/www.temperatur.nu\/info\/temperatur-nu-reporter-bygg-en-du-med<\/a><\/p>\n<h3 class=\"wp-block-heading\">Information om kabeln som ing\u00e5r<\/h3>\n<p>Kabeln mellan reporter och f\u00f6rgreningskontakt \u00e4r ca 0,5-1m l\u00e5ng. Kablarna till sensorerna \u00e4r 2 m och 5 m l\u00e5nga som standard och du kan sj\u00e4lv v\u00e4lja till l\u00e4ngre l\u00e4ngder.<\/p>\n<p class=\"wp-block-heading\"><span style=\"font-size: 16px;\">Kabeln \u00e4r gr\u00e5 och endast 3mm x 0,9mm. Kabeln \u00e4r f\u00f6rh\u00e5llandevis t\u00e5lig, men s\u00e5klart m\u00e5ste man vara f\u00f6rsiktig om man drar ut den vid tex ett f\u00f6nster.<\/span><\/p>\n<h3>Sp\u00e4nningsmatning<\/h3>\n<p>Reportern sp\u00e4nningsmatas med valfri laddare med USB-C, har du ingen \u00f6ver kan du v\u00e4lja till en passande laddare. Vi skickar olika laddare ft\u00e5n g\u00e5ng till g\u00e5ng, oftast anv\u00e4nder vi laddare fr\u00e5n IKEA.<\/p>\n<h3>Manual<\/h3>\n<div class=\"wp-block-columns is-layout-flex wp-container-core-columns-is-layout-28f84493 wp-block-columns-is-layout-flex\">\n<div class=\"wp-block-column is-layout-flow wp-block-column-is-layout-flow\">\n<p><a href=\"https:\/\/www.temperatur.nu\/info\/wp-content\/uploads\/2021\/09\/Manual-v1.4.pdf\" data-type=\"URL\" data-id=\"https:\/\/www.temperatur.nu\/info\/wp-content\/uploads\/2021\/09\/Manual-v1.4.pdf\">Manual till reportern hittar du h\u00e4r<\/a><\/p>\n<\/div>\n<\/div>\n","protected":false},"excerpt":{"rendered":"<p>Temperatur.nu reporter m\u00e4ter temperaturen med tv\u00e5 sensorer, visar v\u00e4rdet p\u00e5 displayen och skickar data tr\u00e5dl\u00f6st till temperatur.nu via WiFi.<\/p>\n","protected":false},"featured_media":91,"comment_status":"open","ping_status":"closed","template":"","meta":{"site-sidebar-layout":"default","site-content-layout":"","ast-site-content-layout":"default","site-content-style":"default","site-sidebar-style":"default","ast-global-header-display":"","ast-banner-title-visibility":"","ast-main-header-display":"","ast-hfb-above-header-display":"","ast-hfb-below-header-display":"","ast-hfb-mobile-header-display":"","site-post-title":"","ast-breadcrumbs-content":"","ast-featured-img":"","footer-sml-layout":"","theme-transparent-header-meta":"default","adv-header-id-meta":"","stick-header-meta":"","header-above-stick-meta":"","header-main-stick-meta":"","header-below-stick-meta":"","astra-migrate-meta-layouts":"set","ast-page-background-enabled":"default","ast-page-background-meta":{"desktop":{"background-color":"var(--ast-global-color-5)","background-image":"","background-repeat":"repeat","background-position":"center center","background-size":"auto","background-attachment":"scroll","background-type":"","background-media":"","overlay-type":"","overlay-color":"","overlay-opacity":"","overlay-gradient":""},"tablet":{"background-color":"","background-image":"","background-repeat":"repeat","background-position":"center center","background-size":"auto","background-attachment":"scroll","background-type":"","background-media":"","overlay-type":"","overlay-color":"","overlay-opacity":"","overlay-gradient":""},"mobile":{"background-color":"","background-image":"","background-repeat":"repeat","background-position":"center center","background-size":"auto","background-attachment":"scroll","background-type":"","background-media":"","overlay-type":"","overlay-color":"","overlay-opacity":"","overlay-gradient":""}},"ast-content-background-meta":{"desktop":{"background-color":"var(--ast-global-color-4)","background-image":"","background-repeat":"repeat","background-position":"center center","background-size":"auto","background-attachment":"scroll","background-type":"","background-media":"","overlay-type":"","overlay-color":"","overlay-opacity":"","overlay-gradient":""},"tablet":{"background-color":"var(--ast-global-color-4)","background-image":"","background-repeat":"repeat","background-position":"center center","background-size":"auto","background-attachment":"scroll","background-type":"","background-media":"","overlay-type":"","overlay-color":"","overlay-opacity":"","overlay-gradient":""},"mobile":{"background-color":"var(--ast-global-color-4)","background-image":"","background-repeat":"repeat","background-position":"center center","background-size":"auto","background-attachment":"scroll","background-type":"","background-media":"","overlay-type":"","overlay-color":"","overlay-opacity":"","overlay-gradient":""}}},"product_brand":[],"product_cat":[15],"product_tag":[],"class_list":{"0":"post-63","1":"product","2":"type-product","3":"status-publish","4":"has-post-thumbnail","6":"product_cat-temperatur-nu","7":"desktop-align-left","8":"tablet-align-left","9":"mobile-align-left","11":"first","12":"instock","13":"taxable","14":"shipping-taxable","15":"purchasable","16":"product-type-simple"},"yoast_head":"<!-- This site is optimized with the Yoast SEO plugin v27.4 - https:\/\/yoast.com\/product\/yoast-seo-wordpress\/ -->\n<title>Temperatur.nu Reporter \u2013 M\u00e4t temperatur i ditt omr\u00e5de -<\/title>\n<meta name=\"description\" content=\"Rapportera temperaturen enkelt med v\u00e5r Temperatur.nu reporter. M\u00e4t smidigt i tv\u00e5 v\u00e4derstreck med tr\u00e5dbundna sensorer och bidra idag!\" \/>\n<meta name=\"robots\" content=\"index, follow, max-snippet:-1, max-image-preview:large, max-video-preview:-1\" \/>\n<link rel=\"canonical\" href=\"https:\/\/www.temperatur.nu\/butik\/product\/temperatur-nu-reporter-v2\/\" \/>\n<meta property=\"og:locale\" content=\"sv_SE\" \/>\n<meta property=\"og:type\" content=\"article\" \/>\n<meta property=\"og:title\" content=\"Temperatur.nu Reporter \u2013 M\u00e4t temperatur i ditt omr\u00e5de -\" \/>\n<meta property=\"og:description\" content=\"Rapportera temperaturen enkelt med v\u00e5r Temperatur.nu reporter. M\u00e4t smidigt i tv\u00e5 v\u00e4derstreck med tr\u00e5dbundna sensorer och bidra idag!\" \/>\n<meta property=\"og:url\" content=\"https:\/\/www.temperatur.nu\/butik\/product\/temperatur-nu-reporter-v2\/\" \/>\n<meta property=\"article:publisher\" content=\"https:\/\/www.facebook.com\/temperatur.nu\" \/>\n<meta property=\"article:modified_time\" content=\"2026-03-26T17:51:44+00:00\" \/>\n<meta property=\"og:image\" content=\"https:\/\/www.temperatur.nu\/butik\/wp-content\/uploads\/2025\/11\/m_punkt_nu_temperaturnu_reporter_v2_-_rapportera_till_temperaturnu.jpg\" \/>\n\t<meta property=\"og:image:width\" content=\"1000\" \/>\n\t<meta property=\"og:image:height\" content=\"664\" \/>\n\t<meta property=\"og:image:type\" content=\"image\/jpeg\" \/>\n<meta name=\"twitter:card\" content=\"summary_large_image\" \/>\n<meta name=\"twitter:label1\" content=\"Ber\u00e4knad l\u00e4stid\" \/>\n\t<meta name=\"twitter:data1\" content=\"2 minuter\" \/>\n<script type=\"application\/ld+json\" class=\"yoast-schema-graph\">{\"@context\":\"https:\\\/\\\/schema.org\",\"@graph\":[{\"@type\":\"WebPage\",\"@id\":\"https:\\\/\\\/www.temperatur.nu\\\/butik\\\/product\\\/temperatur-nu-reporter-v2\\\/\",\"url\":\"https:\\\/\\\/www.temperatur.nu\\\/butik\\\/product\\\/temperatur-nu-reporter-v2\\\/\",\"name\":\"Temperatur.nu Reporter \u2013 M\u00e4t temperatur i ditt omr\u00e5de -\",\"isPartOf\":{\"@id\":\"https:\\\/\\\/www.temperatur.nu\\\/butik\\\/#website\"},\"primaryImageOfPage\":{\"@id\":\"https:\\\/\\\/www.temperatur.nu\\\/butik\\\/product\\\/temperatur-nu-reporter-v2\\\/#primaryimage\"},\"image\":{\"@id\":\"https:\\\/\\\/www.temperatur.nu\\\/butik\\\/product\\\/temperatur-nu-reporter-v2\\\/#primaryimage\"},\"thumbnailUrl\":\"https:\\\/\\\/www.temperatur.nu\\\/butik\\\/wp-content\\\/uploads\\\/2025\\\/11\\\/m_punkt_nu_temperaturnu_reporter_v2_-_rapportera_till_temperaturnu.jpg\",\"datePublished\":\"2025-11-05T17:26:14+00:00\",\"dateModified\":\"2026-03-26T17:51:44+00:00\",\"description\":\"Rapportera temperaturen enkelt med v\u00e5r Temperatur.nu reporter. M\u00e4t smidigt i tv\u00e5 v\u00e4derstreck med tr\u00e5dbundna sensorer och bidra idag!\",\"breadcrumb\":{\"@id\":\"https:\\\/\\\/www.temperatur.nu\\\/butik\\\/product\\\/temperatur-nu-reporter-v2\\\/#breadcrumb\"},\"inLanguage\":\"sv-SE\",\"potentialAction\":[{\"@type\":\"ReadAction\",\"target\":[\"https:\\\/\\\/www.temperatur.nu\\\/butik\\\/product\\\/temperatur-nu-reporter-v2\\\/\"]}]},{\"@type\":\"ImageObject\",\"inLanguage\":\"sv-SE\",\"@id\":\"https:\\\/\\\/www.temperatur.nu\\\/butik\\\/product\\\/temperatur-nu-reporter-v2\\\/#primaryimage\",\"url\":\"https:\\\/\\\/www.temperatur.nu\\\/butik\\\/wp-content\\\/uploads\\\/2025\\\/11\\\/m_punkt_nu_temperaturnu_reporter_v2_-_rapportera_till_temperaturnu.jpg\",\"contentUrl\":\"https:\\\/\\\/www.temperatur.nu\\\/butik\\\/wp-content\\\/uploads\\\/2025\\\/11\\\/m_punkt_nu_temperaturnu_reporter_v2_-_rapportera_till_temperaturnu.jpg\",\"width\":1000,\"height\":664},{\"@type\":\"BreadcrumbList\",\"@id\":\"https:\\\/\\\/www.temperatur.nu\\\/butik\\\/product\\\/temperatur-nu-reporter-v2\\\/#breadcrumb\",\"itemListElement\":[{\"@type\":\"ListItem\",\"position\":1,\"name\":\"Hem\",\"item\":\"https:\\\/\\\/www.temperatur.nu\\\/butik\\\/\"},{\"@type\":\"ListItem\",\"position\":2,\"name\":\"Temperatur.nu Butik\",\"item\":\"https:\\\/\\\/www.temperatur.nu\\\/butik\\\/\"},{\"@type\":\"ListItem\",\"position\":3,\"name\":\"Temperatur.nu Reporter v2\"}]},{\"@type\":\"WebSite\",\"@id\":\"https:\\\/\\\/www.temperatur.nu\\\/butik\\\/#website\",\"url\":\"https:\\\/\\\/www.temperatur.nu\\\/butik\\\/\",\"name\":\"Temperatur.nu\\\/butik\",\"description\":\"Tar tempen p\u00e5 Sverige!\",\"publisher\":{\"@id\":\"https:\\\/\\\/www.temperatur.nu\\\/butik\\\/#organization\"},\"potentialAction\":[{\"@type\":\"SearchAction\",\"target\":{\"@type\":\"EntryPoint\",\"urlTemplate\":\"https:\\\/\\\/www.temperatur.nu\\\/butik\\\/?s={search_term_string}\"},\"query-input\":{\"@type\":\"PropertyValueSpecification\",\"valueRequired\":true,\"valueName\":\"search_term_string\"}}],\"inLanguage\":\"sv-SE\"},{\"@type\":\"Organization\",\"@id\":\"https:\\\/\\\/www.temperatur.nu\\\/butik\\\/#organization\",\"name\":\"Temperatur.nu\",\"url\":\"https:\\\/\\\/www.temperatur.nu\\\/butik\\\/\",\"logo\":{\"@type\":\"ImageObject\",\"inLanguage\":\"sv-SE\",\"@id\":\"https:\\\/\\\/www.temperatur.nu\\\/butik\\\/#\\\/schema\\\/logo\\\/image\\\/\",\"url\":\"https:\\\/\\\/www.temperatur.nu\\\/butik\\\/wp-content\\\/uploads\\\/2025\\\/11\\\/Temperatur-Logotyp.png\",\"contentUrl\":\"https:\\\/\\\/www.temperatur.nu\\\/butik\\\/wp-content\\\/uploads\\\/2025\\\/11\\\/Temperatur-Logotyp.png\",\"width\":1772,\"height\":414,\"caption\":\"Temperatur.nu\"},\"image\":{\"@id\":\"https:\\\/\\\/www.temperatur.nu\\\/butik\\\/#\\\/schema\\\/logo\\\/image\\\/\"},\"sameAs\":[\"https:\\\/\\\/www.facebook.com\\\/temperatur.nu\"]}]}<\/script>\n<!-- \/ Yoast SEO plugin. -->","yoast_head_json":{"title":"Temperatur.nu Reporter \u2013 M\u00e4t temperatur i ditt omr\u00e5de -","description":"Rapportera temperaturen enkelt med v\u00e5r Temperatur.nu reporter. M\u00e4t smidigt i tv\u00e5 v\u00e4derstreck med tr\u00e5dbundna sensorer och bidra idag!","robots":{"index":"index","follow":"follow","max-snippet":"max-snippet:-1","max-image-preview":"max-image-preview:large","max-video-preview":"max-video-preview:-1"},"canonical":"https:\/\/www.temperatur.nu\/butik\/product\/temperatur-nu-reporter-v2\/","og_locale":"sv_SE","og_type":"article","og_title":"Temperatur.nu Reporter \u2013 M\u00e4t temperatur i ditt omr\u00e5de -","og_description":"Rapportera temperaturen enkelt med v\u00e5r Temperatur.nu reporter. M\u00e4t smidigt i tv\u00e5 v\u00e4derstreck med tr\u00e5dbundna sensorer och bidra idag!","og_url":"https:\/\/www.temperatur.nu\/butik\/product\/temperatur-nu-reporter-v2\/","article_publisher":"https:\/\/www.facebook.com\/temperatur.nu","article_modified_time":"2026-03-26T17:51:44+00:00","og_image":[{"width":1000,"height":664,"url":"https:\/\/www.temperatur.nu\/butik\/wp-content\/uploads\/2025\/11\/m_punkt_nu_temperaturnu_reporter_v2_-_rapportera_till_temperaturnu.jpg","type":"image\/jpeg"}],"twitter_card":"summary_large_image","twitter_misc":{"Ber\u00e4knad l\u00e4stid":"2 minuter"},"schema":{"@context":"https:\/\/schema.org","@graph":[{"@type":"WebPage","@id":"https:\/\/www.temperatur.nu\/butik\/product\/temperatur-nu-reporter-v2\/","url":"https:\/\/www.temperatur.nu\/butik\/product\/temperatur-nu-reporter-v2\/","name":"Temperatur.nu Reporter \u2013 M\u00e4t temperatur i ditt omr\u00e5de -","isPartOf":{"@id":"https:\/\/www.temperatur.nu\/butik\/#website"},"primaryImageOfPage":{"@id":"https:\/\/www.temperatur.nu\/butik\/product\/temperatur-nu-reporter-v2\/#primaryimage"},"image":{"@id":"https:\/\/www.temperatur.nu\/butik\/product\/temperatur-nu-reporter-v2\/#primaryimage"},"thumbnailUrl":"https:\/\/www.temperatur.nu\/butik\/wp-content\/uploads\/2025\/11\/m_punkt_nu_temperaturnu_reporter_v2_-_rapportera_till_temperaturnu.jpg","datePublished":"2025-11-05T17:26:14+00:00","dateModified":"2026-03-26T17:51:44+00:00","description":"Rapportera temperaturen enkelt med v\u00e5r Temperatur.nu reporter. M\u00e4t smidigt i tv\u00e5 v\u00e4derstreck med tr\u00e5dbundna sensorer och bidra idag!","breadcrumb":{"@id":"https:\/\/www.temperatur.nu\/butik\/product\/temperatur-nu-reporter-v2\/#breadcrumb"},"inLanguage":"sv-SE","potentialAction":[{"@type":"ReadAction","target":["https:\/\/www.temperatur.nu\/butik\/product\/temperatur-nu-reporter-v2\/"]}]},{"@type":"ImageObject","inLanguage":"sv-SE","@id":"https:\/\/www.temperatur.nu\/butik\/product\/temperatur-nu-reporter-v2\/#primaryimage","url":"https:\/\/www.temperatur.nu\/butik\/wp-content\/uploads\/2025\/11\/m_punkt_nu_temperaturnu_reporter_v2_-_rapportera_till_temperaturnu.jpg","contentUrl":"https:\/\/www.temperatur.nu\/butik\/wp-content\/uploads\/2025\/11\/m_punkt_nu_temperaturnu_reporter_v2_-_rapportera_till_temperaturnu.jpg","width":1000,"height":664},{"@type":"BreadcrumbList","@id":"https:\/\/www.temperatur.nu\/butik\/product\/temperatur-nu-reporter-v2\/#breadcrumb","itemListElement":[{"@type":"ListItem","position":1,"name":"Hem","item":"https:\/\/www.temperatur.nu\/butik\/"},{"@type":"ListItem","position":2,"name":"Temperatur.nu Butik","item":"https:\/\/www.temperatur.nu\/butik\/"},{"@type":"ListItem","position":3,"name":"Temperatur.nu Reporter v2"}]},{"@type":"WebSite","@id":"https:\/\/www.temperatur.nu\/butik\/#website","url":"https:\/\/www.temperatur.nu\/butik\/","name":"Temperatur.nu\/butik","description":"Tar tempen p\u00e5 Sverige!","publisher":{"@id":"https:\/\/www.temperatur.nu\/butik\/#organization"},"potentialAction":[{"@type":"SearchAction","target":{"@type":"EntryPoint","urlTemplate":"https:\/\/www.temperatur.nu\/butik\/?s={search_term_string}"},"query-input":{"@type":"PropertyValueSpecification","valueRequired":true,"valueName":"search_term_string"}}],"inLanguage":"sv-SE"},{"@type":"Organization","@id":"https:\/\/www.temperatur.nu\/butik\/#organization","name":"Temperatur.nu","url":"https:\/\/www.temperatur.nu\/butik\/","logo":{"@type":"ImageObject","inLanguage":"sv-SE","@id":"https:\/\/www.temperatur.nu\/butik\/#\/schema\/logo\/image\/","url":"https:\/\/www.temperatur.nu\/butik\/wp-content\/uploads\/2025\/11\/Temperatur-Logotyp.png","contentUrl":"https:\/\/www.temperatur.nu\/butik\/wp-content\/uploads\/2025\/11\/Temperatur-Logotyp.png","width":1772,"height":414,"caption":"Temperatur.nu"},"image":{"@id":"https:\/\/www.temperatur.nu\/butik\/#\/schema\/logo\/image\/"},"sameAs":["https:\/\/www.facebook.com\/temperatur.nu"]}]}},"_links":{"self":[{"href":"https:\/\/www.temperatur.nu\/butik\/wp-json\/wp\/v2\/product\/63","targetHints":{"allow":["GET"]}}],"collection":[{"href":"https:\/\/www.temperatur.nu\/butik\/wp-json\/wp\/v2\/product"}],"about":[{"href":"https:\/\/www.temperatur.nu\/butik\/wp-json\/wp\/v2\/types\/product"}],"replies":[{"embeddable":true,"href":"https:\/\/www.temperatur.nu\/butik\/wp-json\/wp\/v2\/comments?post=63"}],"wp:featuredmedia":[{"embeddable":true,"href":"https:\/\/www.temperatur.nu\/butik\/wp-json\/wp\/v2\/media\/91"}],"wp:attachment":[{"href":"https:\/\/www.temperatur.nu\/butik\/wp-json\/wp\/v2\/media?parent=63"}],"wp:term":[{"taxonomy":"product_brand","embeddable":true,"href":"https:\/\/www.temperatur.nu\/butik\/wp-json\/wp\/v2\/product_brand?post=63"},{"taxonomy":"product_cat","embeddable":true,"href":"https:\/\/www.temperatur.nu\/butik\/wp-json\/wp\/v2\/product_cat?post=63"},{"taxonomy":"product_tag","embeddable":true,"href":"https:\/\/www.temperatur.nu\/butik\/wp-json\/wp\/v2\/product_tag?post=63"}],"curies":[{"name":"wp","href":"https:\/\/api.w.org\/{rel}","templated":true}]}}