{"id":203,"date":"2026-04-05T18:29:23","date_gmt":"2026-04-05T18:29:23","guid":{"rendered":"https:\/\/www.temperatur.nu\/butik\/?post_type=product&#038;p=203"},"modified":"2026-04-05T20:34:26","modified_gmt":"2026-04-05T20:34:26","slug":"temperatur-nu-reporter-v2-med-robust-kabel","status":"publish","type":"product","link":"https:\/\/www.temperatur.nu\/butik\/product\/temperatur-nu-reporter-v2-med-robust-kabel\/","title":{"rendered":"Temperatur.nu Reporter v2 med robust kabel"},"content":{"rendered":"<h2 class=\"wp-block-heading\">Vad \u00e4r temperatur.nu reporter?<\/h2>\n<p>Med temperatur.nu reporter kan du enkelt rapportera temperaturen d\u00e4r du bor till temperatur.nu. (<a href=\"https:\/\/www.temperatur.nu\/info\/rapportera-till-temperatur-nu\/\">H\u00e4r kan du l\u00e4sa om andra s\u00e4tt att rapportera<\/a>)<\/p>\n<p>Denna version har som standard 1 sensor med mer t\u00e5lig kabel. Sensorn passar utm\u00e4rkt att m\u00e4ta temperaturer i vatten med. Ska du bara m\u00e4ta lufttemperatur passar oftast reportern med vanlig kabel bra, men denna reporter g\u00e5r s\u00e5klart att m\u00e4ta lufttemperatur med den med. Ska du m\u00e4ta temperatur i luft rekommenderas 2 sensorer f\u00f6r att kunna m\u00e4ta i olika v\u00e4derstreck f\u00f6r att minska problem med solinstr\u00e5lning.<\/p>\n<p><strong>Observera att max kabell\u00e4ngd per reporter \u00e4r ca 20 meter.<\/strong><\/p>\n<p>Reportern har \u00e4ven en liten display d\u00e4r du kan se aktuell uppm\u00e4tt temperatur.<\/p>\n<p>Reportern ansluts till ditt WiFi-n\u00e4tverk (2,4 GHz).<\/p>\n<p>Om du hellre vill bygga en reporter sj\u00e4lv har vi publicerat en guide f\u00f6r hur du g\u00e5r till v\u00e4ga h\u00e4r:\u00a0<a href=\"https:\/\/www.temperatur.nu\/info\/temperatur-nu-reporter-bygg-en-du-med\">https:\/\/www.temperatur.nu\/info\/temperatur-nu-reporter-bygg-en-du-med<\/a><\/p>\n<h3 class=\"wp-block-heading\">Information om kabeln som ing\u00e5r<\/h3>\n<p>Kabeln mellan reporter och f\u00f6rgreningskontakt \u00e4r ca 0,5-1m l\u00e5ng. Kabeln som anv\u00e4nds till sensorn \u00e4r <a href=\"https:\/\/products.lappgroup.com\/online-catalogue\/data-communication-systems\/low-frequency-data-transmission-cables\/halogen-free-unitronic\/unitronic-robust.html\">Unitronic Robus fr\u00e5n LAPP kabel<\/a>.<\/p>\n<p class=\"wp-block-heading\"><span style=\"font-size: 16px;\">Kabeln \u00e4r svart och ca 3,5mm i diameter.<\/span><\/p>\n<h3>Sp\u00e4nningsmatning<\/h3>\n<p>Reportern sp\u00e4nningsmatas med valfri laddare med USB-C, har du ingen \u00f6ver kan du v\u00e4lja till en passande laddare. Vi skickar olika laddare ft\u00e5n g\u00e5ng till g\u00e5ng, oftast anv\u00e4nder vi laddare fr\u00e5n IKEA.<\/p>\n<h3>Manual<\/h3>\n<div class=\"wp-block-columns is-layout-flex wp-container-core-columns-is-layout-28f84493 wp-block-columns-is-layout-flex\">\n<div class=\"wp-block-column is-layout-flow wp-block-column-is-layout-flow\">\n<p><a href=\"https:\/\/www.temperatur.nu\/info\/wp-content\/uploads\/2021\/09\/Manual-v1.4.pdf\" data-type=\"URL\" data-id=\"https:\/\/www.temperatur.nu\/info\/wp-content\/uploads\/2021\/09\/Manual-v1.4.pdf\">Manual till reportern hittar du h\u00e4r<\/a><\/p>\n<\/div>\n<\/div>\n","protected":false},"excerpt":{"rendered":"<p>Temperatur.nu reporter med robust kabel har t\u00e5lig kabel som klarar vatten. Reportern skickar data tr\u00e5dl\u00f6st till temperatur.nu via WiFi.<\/p>\n","protected":false},"featured_media":91,"comment_status":"open","ping_status":"closed","template":"","meta":{"site-sidebar-layout":"default","site-content-layout":"","ast-site-content-layout":"default","site-content-style":"default","site-sidebar-style":"default","ast-global-header-display":"","ast-banner-title-visibility":"","ast-main-header-display":"","ast-hfb-above-header-display":"","ast-hfb-below-header-display":"","ast-hfb-mobile-header-display":"","site-post-title":"","ast-breadcrumbs-content":"","ast-featured-img":"","footer-sml-layout":"","theme-transparent-header-meta":"default","adv-header-id-meta":"","stick-header-meta":"","header-above-stick-meta":"","header-main-stick-meta":"","header-below-stick-meta":"","astra-migrate-meta-layouts":"set","ast-page-background-enabled":"default","ast-page-background-meta":{"desktop":{"background-color":"var(--ast-global-color-5)","background-image":"","background-repeat":"repeat","background-position":"center center","background-size":"auto","background-attachment":"scroll","background-type":"","background-media":"","overlay-type":"","overlay-color":"","overlay-opacity":"","overlay-gradient":""},"tablet":{"background-color":"","background-image":"","background-repeat":"repeat","background-position":"center center","background-size":"auto","background-attachment":"scroll","background-type":"","background-media":"","overlay-type":"","overlay-color":"","overlay-opacity":"","overlay-gradient":""},"mobile":{"background-color":"","background-image":"","background-repeat":"repeat","background-position":"center center","background-size":"auto","background-attachment":"scroll","background-type":"","background-media":"","overlay-type":"","overlay-color":"","overlay-opacity":"","overlay-gradient":""}},"ast-content-background-meta":{"desktop":{"background-color":"var(--ast-global-color-4)","background-image":"","background-repeat":"repeat","background-position":"center center","background-size":"auto","background-attachment":"scroll","background-type":"","background-media":"","overlay-type":"","overlay-color":"","overlay-opacity":"","overlay-gradient":""},"tablet":{"background-color":"var(--ast-global-color-4)","background-image":"","background-repeat":"repeat","background-position":"center center","background-size":"auto","background-attachment":"scroll","background-type":"","background-media":"","overlay-type":"","overlay-color":"","overlay-opacity":"","overlay-gradient":""},"mobile":{"background-color":"var(--ast-global-color-4)","background-image":"","background-repeat":"repeat","background-position":"center center","background-size":"auto","background-attachment":"scroll","background-type":"","background-media":"","overlay-type":"","overlay-color":"","overlay-opacity":"","overlay-gradient":""}}},"product_brand":[],"product_cat":[15],"product_tag":[],"class_list":{"0":"post-203","1":"product","2":"type-product","3":"status-publish","4":"has-post-thumbnail","6":"product_cat-temperatur-nu","7":"desktop-align-left","8":"tablet-align-left","9":"mobile-align-left","11":"first","12":"instock","13":"taxable","14":"shipping-taxable","15":"purchasable","16":"product-type-simple"},"yoast_head":"<!-- This site is optimized with the Yoast SEO plugin v27.4 - https:\/\/yoast.com\/product\/yoast-seo-wordpress\/ -->\n<title>Temperatur.nu Reporter med robust kabel \u2013 M\u00e4t temperatur i vatten -<\/title>\n<meta name=\"description\" content=\"Rapportera temperaturen enkelt med v\u00e5r Temperatur.nu reporter. M\u00e4t smidigt i tv\u00e5 v\u00e4derstreck med tr\u00e5dbundna sensorer och bidra idag!\" \/>\n<meta name=\"robots\" content=\"index, follow, max-snippet:-1, max-image-preview:large, max-video-preview:-1\" \/>\n<link rel=\"canonical\" href=\"https:\/\/www.temperatur.nu\/butik\/product\/temperatur-nu-reporter-v2-med-robust-kabel\/\" \/>\n<meta property=\"og:locale\" content=\"sv_SE\" \/>\n<meta property=\"og:type\" content=\"article\" \/>\n<meta property=\"og:title\" content=\"Temperatur.nu Reporter med robust kabel \u2013 M\u00e4t temperatur i vatten -\" \/>\n<meta property=\"og:description\" content=\"Rapportera temperaturen enkelt med v\u00e5r Temperatur.nu reporter. M\u00e4t smidigt i tv\u00e5 v\u00e4derstreck med tr\u00e5dbundna sensorer och bidra idag!\" \/>\n<meta property=\"og:url\" content=\"https:\/\/www.temperatur.nu\/butik\/product\/temperatur-nu-reporter-v2-med-robust-kabel\/\" \/>\n<meta property=\"article:publisher\" content=\"https:\/\/www.facebook.com\/temperatur.nu\" \/>\n<meta property=\"article:modified_time\" content=\"2026-04-05T20:34:26+00:00\" \/>\n<meta property=\"og:image\" content=\"https:\/\/www.temperatur.nu\/butik\/wp-content\/uploads\/2025\/11\/m_punkt_nu_temperaturnu_reporter_v2_-_rapportera_till_temperaturnu.jpg\" \/>\n\t<meta property=\"og:image:width\" content=\"1000\" \/>\n\t<meta property=\"og:image:height\" content=\"664\" \/>\n\t<meta property=\"og:image:type\" content=\"image\/jpeg\" \/>\n<meta name=\"twitter:card\" content=\"summary_large_image\" \/>\n<meta name=\"twitter:label1\" content=\"Ber\u00e4knad l\u00e4stid\" \/>\n\t<meta name=\"twitter:data1\" content=\"2 minuter\" \/>\n<script type=\"application\/ld+json\" class=\"yoast-schema-graph\">{\"@context\":\"https:\\\/\\\/schema.org\",\"@graph\":[{\"@type\":\"WebPage\",\"@id\":\"https:\\\/\\\/www.temperatur.nu\\\/butik\\\/product\\\/temperatur-nu-reporter-v2-med-robust-kabel\\\/\",\"url\":\"https:\\\/\\\/www.temperatur.nu\\\/butik\\\/product\\\/temperatur-nu-reporter-v2-med-robust-kabel\\\/\",\"name\":\"Temperatur.nu Reporter med robust kabel \u2013 M\u00e4t temperatur i vatten -\",\"isPartOf\":{\"@id\":\"https:\\\/\\\/www.temperatur.nu\\\/butik\\\/#website\"},\"primaryImageOfPage\":{\"@id\":\"https:\\\/\\\/www.temperatur.nu\\\/butik\\\/product\\\/temperatur-nu-reporter-v2-med-robust-kabel\\\/#primaryimage\"},\"image\":{\"@id\":\"https:\\\/\\\/www.temperatur.nu\\\/butik\\\/product\\\/temperatur-nu-reporter-v2-med-robust-kabel\\\/#primaryimage\"},\"thumbnailUrl\":\"https:\\\/\\\/www.temperatur.nu\\\/butik\\\/wp-content\\\/uploads\\\/2025\\\/11\\\/m_punkt_nu_temperaturnu_reporter_v2_-_rapportera_till_temperaturnu.jpg\",\"datePublished\":\"2026-04-05T18:29:23+00:00\",\"dateModified\":\"2026-04-05T20:34:26+00:00\",\"description\":\"Rapportera temperaturen enkelt med v\u00e5r Temperatur.nu reporter. M\u00e4t smidigt i tv\u00e5 v\u00e4derstreck med tr\u00e5dbundna sensorer och bidra idag!\",\"breadcrumb\":{\"@id\":\"https:\\\/\\\/www.temperatur.nu\\\/butik\\\/product\\\/temperatur-nu-reporter-v2-med-robust-kabel\\\/#breadcrumb\"},\"inLanguage\":\"sv-SE\",\"potentialAction\":[{\"@type\":\"ReadAction\",\"target\":[\"https:\\\/\\\/www.temperatur.nu\\\/butik\\\/product\\\/temperatur-nu-reporter-v2-med-robust-kabel\\\/\"]}]},{\"@type\":\"ImageObject\",\"inLanguage\":\"sv-SE\",\"@id\":\"https:\\\/\\\/www.temperatur.nu\\\/butik\\\/product\\\/temperatur-nu-reporter-v2-med-robust-kabel\\\/#primaryimage\",\"url\":\"https:\\\/\\\/www.temperatur.nu\\\/butik\\\/wp-content\\\/uploads\\\/2025\\\/11\\\/m_punkt_nu_temperaturnu_reporter_v2_-_rapportera_till_temperaturnu.jpg\",\"contentUrl\":\"https:\\\/\\\/www.temperatur.nu\\\/butik\\\/wp-content\\\/uploads\\\/2025\\\/11\\\/m_punkt_nu_temperaturnu_reporter_v2_-_rapportera_till_temperaturnu.jpg\",\"width\":1000,\"height\":664},{\"@type\":\"BreadcrumbList\",\"@id\":\"https:\\\/\\\/www.temperatur.nu\\\/butik\\\/product\\\/temperatur-nu-reporter-v2-med-robust-kabel\\\/#breadcrumb\",\"itemListElement\":[{\"@type\":\"ListItem\",\"position\":1,\"name\":\"Hem\",\"item\":\"https:\\\/\\\/www.temperatur.nu\\\/butik\\\/\"},{\"@type\":\"ListItem\",\"position\":2,\"name\":\"Temperatur.nu Butik\",\"item\":\"https:\\\/\\\/www.temperatur.nu\\\/butik\\\/\"},{\"@type\":\"ListItem\",\"position\":3,\"name\":\"Temperatur.nu Reporter v2 med robust kabel\"}]},{\"@type\":\"WebSite\",\"@id\":\"https:\\\/\\\/www.temperatur.nu\\\/butik\\\/#website\",\"url\":\"https:\\\/\\\/www.temperatur.nu\\\/butik\\\/\",\"name\":\"Temperatur.nu\\\/butik\",\"description\":\"Tar tempen p\u00e5 Sverige!\",\"publisher\":{\"@id\":\"https:\\\/\\\/www.temperatur.nu\\\/butik\\\/#organization\"},\"potentialAction\":[{\"@type\":\"SearchAction\",\"target\":{\"@type\":\"EntryPoint\",\"urlTemplate\":\"https:\\\/\\\/www.temperatur.nu\\\/butik\\\/?s={search_term_string}\"},\"query-input\":{\"@type\":\"PropertyValueSpecification\",\"valueRequired\":true,\"valueName\":\"search_term_string\"}}],\"inLanguage\":\"sv-SE\"},{\"@type\":\"Organization\",\"@id\":\"https:\\\/\\\/www.temperatur.nu\\\/butik\\\/#organization\",\"name\":\"Temperatur.nu\",\"url\":\"https:\\\/\\\/www.temperatur.nu\\\/butik\\\/\",\"logo\":{\"@type\":\"ImageObject\",\"inLanguage\":\"sv-SE\",\"@id\":\"https:\\\/\\\/www.temperatur.nu\\\/butik\\\/#\\\/schema\\\/logo\\\/image\\\/\",\"url\":\"https:\\\/\\\/www.temperatur.nu\\\/butik\\\/wp-content\\\/uploads\\\/2025\\\/11\\\/Temperatur-Logotyp.png\",\"contentUrl\":\"https:\\\/\\\/www.temperatur.nu\\\/butik\\\/wp-content\\\/uploads\\\/2025\\\/11\\\/Temperatur-Logotyp.png\",\"width\":1772,\"height\":414,\"caption\":\"Temperatur.nu\"},\"image\":{\"@id\":\"https:\\\/\\\/www.temperatur.nu\\\/butik\\\/#\\\/schema\\\/logo\\\/image\\\/\"},\"sameAs\":[\"https:\\\/\\\/www.facebook.com\\\/temperatur.nu\"]}]}<\/script>\n<!-- \/ Yoast SEO plugin. -->","yoast_head_json":{"title":"Temperatur.nu Reporter med robust kabel \u2013 M\u00e4t temperatur i vatten -","description":"Rapportera temperaturen enkelt med v\u00e5r Temperatur.nu reporter. M\u00e4t smidigt i tv\u00e5 v\u00e4derstreck med tr\u00e5dbundna sensorer och bidra idag!","robots":{"index":"index","follow":"follow","max-snippet":"max-snippet:-1","max-image-preview":"max-image-preview:large","max-video-preview":"max-video-preview:-1"},"canonical":"https:\/\/www.temperatur.nu\/butik\/product\/temperatur-nu-reporter-v2-med-robust-kabel\/","og_locale":"sv_SE","og_type":"article","og_title":"Temperatur.nu Reporter med robust kabel \u2013 M\u00e4t temperatur i vatten -","og_description":"Rapportera temperaturen enkelt med v\u00e5r Temperatur.nu reporter. M\u00e4t smidigt i tv\u00e5 v\u00e4derstreck med tr\u00e5dbundna sensorer och bidra idag!","og_url":"https:\/\/www.temperatur.nu\/butik\/product\/temperatur-nu-reporter-v2-med-robust-kabel\/","article_publisher":"https:\/\/www.facebook.com\/temperatur.nu","article_modified_time":"2026-04-05T20:34:26+00:00","og_image":[{"width":1000,"height":664,"url":"https:\/\/www.temperatur.nu\/butik\/wp-content\/uploads\/2025\/11\/m_punkt_nu_temperaturnu_reporter_v2_-_rapportera_till_temperaturnu.jpg","type":"image\/jpeg"}],"twitter_card":"summary_large_image","twitter_misc":{"Ber\u00e4knad l\u00e4stid":"2 minuter"},"schema":{"@context":"https:\/\/schema.org","@graph":[{"@type":"WebPage","@id":"https:\/\/www.temperatur.nu\/butik\/product\/temperatur-nu-reporter-v2-med-robust-kabel\/","url":"https:\/\/www.temperatur.nu\/butik\/product\/temperatur-nu-reporter-v2-med-robust-kabel\/","name":"Temperatur.nu Reporter med robust kabel \u2013 M\u00e4t temperatur i vatten -","isPartOf":{"@id":"https:\/\/www.temperatur.nu\/butik\/#website"},"primaryImageOfPage":{"@id":"https:\/\/www.temperatur.nu\/butik\/product\/temperatur-nu-reporter-v2-med-robust-kabel\/#primaryimage"},"image":{"@id":"https:\/\/www.temperatur.nu\/butik\/product\/temperatur-nu-reporter-v2-med-robust-kabel\/#primaryimage"},"thumbnailUrl":"https:\/\/www.temperatur.nu\/butik\/wp-content\/uploads\/2025\/11\/m_punkt_nu_temperaturnu_reporter_v2_-_rapportera_till_temperaturnu.jpg","datePublished":"2026-04-05T18:29:23+00:00","dateModified":"2026-04-05T20:34:26+00:00","description":"Rapportera temperaturen enkelt med v\u00e5r Temperatur.nu reporter. M\u00e4t smidigt i tv\u00e5 v\u00e4derstreck med tr\u00e5dbundna sensorer och bidra idag!","breadcrumb":{"@id":"https:\/\/www.temperatur.nu\/butik\/product\/temperatur-nu-reporter-v2-med-robust-kabel\/#breadcrumb"},"inLanguage":"sv-SE","potentialAction":[{"@type":"ReadAction","target":["https:\/\/www.temperatur.nu\/butik\/product\/temperatur-nu-reporter-v2-med-robust-kabel\/"]}]},{"@type":"ImageObject","inLanguage":"sv-SE","@id":"https:\/\/www.temperatur.nu\/butik\/product\/temperatur-nu-reporter-v2-med-robust-kabel\/#primaryimage","url":"https:\/\/www.temperatur.nu\/butik\/wp-content\/uploads\/2025\/11\/m_punkt_nu_temperaturnu_reporter_v2_-_rapportera_till_temperaturnu.jpg","contentUrl":"https:\/\/www.temperatur.nu\/butik\/wp-content\/uploads\/2025\/11\/m_punkt_nu_temperaturnu_reporter_v2_-_rapportera_till_temperaturnu.jpg","width":1000,"height":664},{"@type":"BreadcrumbList","@id":"https:\/\/www.temperatur.nu\/butik\/product\/temperatur-nu-reporter-v2-med-robust-kabel\/#breadcrumb","itemListElement":[{"@type":"ListItem","position":1,"name":"Hem","item":"https:\/\/www.temperatur.nu\/butik\/"},{"@type":"ListItem","position":2,"name":"Temperatur.nu Butik","item":"https:\/\/www.temperatur.nu\/butik\/"},{"@type":"ListItem","position":3,"name":"Temperatur.nu Reporter v2 med robust kabel"}]},{"@type":"WebSite","@id":"https:\/\/www.temperatur.nu\/butik\/#website","url":"https:\/\/www.temperatur.nu\/butik\/","name":"Temperatur.nu\/butik","description":"Tar tempen p\u00e5 Sverige!","publisher":{"@id":"https:\/\/www.temperatur.nu\/butik\/#organization"},"potentialAction":[{"@type":"SearchAction","target":{"@type":"EntryPoint","urlTemplate":"https:\/\/www.temperatur.nu\/butik\/?s={search_term_string}"},"query-input":{"@type":"PropertyValueSpecification","valueRequired":true,"valueName":"search_term_string"}}],"inLanguage":"sv-SE"},{"@type":"Organization","@id":"https:\/\/www.temperatur.nu\/butik\/#organization","name":"Temperatur.nu","url":"https:\/\/www.temperatur.nu\/butik\/","logo":{"@type":"ImageObject","inLanguage":"sv-SE","@id":"https:\/\/www.temperatur.nu\/butik\/#\/schema\/logo\/image\/","url":"https:\/\/www.temperatur.nu\/butik\/wp-content\/uploads\/2025\/11\/Temperatur-Logotyp.png","contentUrl":"https:\/\/www.temperatur.nu\/butik\/wp-content\/uploads\/2025\/11\/Temperatur-Logotyp.png","width":1772,"height":414,"caption":"Temperatur.nu"},"image":{"@id":"https:\/\/www.temperatur.nu\/butik\/#\/schema\/logo\/image\/"},"sameAs":["https:\/\/www.facebook.com\/temperatur.nu"]}]}},"_links":{"self":[{"href":"https:\/\/www.temperatur.nu\/butik\/wp-json\/wp\/v2\/product\/203","targetHints":{"allow":["GET"]}}],"collection":[{"href":"https:\/\/www.temperatur.nu\/butik\/wp-json\/wp\/v2\/product"}],"about":[{"href":"https:\/\/www.temperatur.nu\/butik\/wp-json\/wp\/v2\/types\/product"}],"replies":[{"embeddable":true,"href":"https:\/\/www.temperatur.nu\/butik\/wp-json\/wp\/v2\/comments?post=203"}],"wp:featuredmedia":[{"embeddable":true,"href":"https:\/\/www.temperatur.nu\/butik\/wp-json\/wp\/v2\/media\/91"}],"wp:attachment":[{"href":"https:\/\/www.temperatur.nu\/butik\/wp-json\/wp\/v2\/media?parent=203"}],"wp:term":[{"taxonomy":"product_brand","embeddable":true,"href":"https:\/\/www.temperatur.nu\/butik\/wp-json\/wp\/v2\/product_brand?post=203"},{"taxonomy":"product_cat","embeddable":true,"href":"https:\/\/www.temperatur.nu\/butik\/wp-json\/wp\/v2\/product_cat?post=203"},{"taxonomy":"product_tag","embeddable":true,"href":"https:\/\/www.temperatur.nu\/butik\/wp-json\/wp\/v2\/product_tag?post=203"}],"curies":[{"name":"wp","href":"https:\/\/api.w.org\/{rel}","templated":true}]}}